{"id":8793,"date":"2020-11-05T16:38:38","date_gmt":"2020-11-05T15:38:38","guid":{"rendered":"https:\/\/www.afaprogres.cat\/web\/?post_type=mec-events&#038;p=8793"},"modified":"2020-11-12T18:15:25","modified_gmt":"2020-11-12T17:15:25","slug":"educacion-y-desigualdad-socioeconomica-en-espana","status":"publish","type":"mec-events","link":"https:\/\/www.afaprogres.cat\/web\/events\/educacion-y-desigualdad-socioeconomica-en-espana\/","title":{"rendered":"Educaci\u00f3n y desigualdad socioecon\u00f3mica en Espa\u00f1a"},"content":{"rendered":"<div class=\"structured-content-rich-text structured-content__module l-align-left l-mar-vert-6 l-sm-mar-vert-4 text-body-medium\">\n<p>Una educaci\u00f3n de calidad \u2026 \u00bfpara todos?<\/p>\n<p>La desigualdad en el \u00e1mbito educativo sigue siendo una de las tareas pendientes en Espa\u00f1a, a la vez que un factor determinante para futuras desigualdades socioecon\u00f3micas. Nos preguntaremos por las principales causas y consecuencias de esta desigualdad, as\u00ed como por aquellas propuestas para mitigarla y revertirla.<\/p>\n<p>Para este debate contaremos con dos ponentes de lujo:<\/p>\n<p>&nbsp;<\/p>\n<p><strong>Carla Carmona Tar\u00edn<\/strong>, Graduada en Comunicaci\u00f3n Audiovisual (Universidad de Burgos), M\u00e1ster en Acci\u00f3n Solidaria Internacional y de Inclusi\u00f3n Social (UC3M) y M\u00e1ster de Formaci\u00f3n del Profesorado de espa\u00f1ol como lengua extranjera (UC3M). Actualmente imparte docencia en un centro escolar de Ca\u00f1o Roto (Carabanchel) a ra\u00edz de su participaci\u00f3n en la edici\u00f3n 2019-2021 de Empieza por Educar.<\/p>\n<p>&nbsp;<\/p>\n<p><strong>Miguel Costa Garc\u00eda<\/strong>, Graduado en Ciencias Biol\u00f3gicas (UCM), Dr. en Neurociencia (UAM), es el Director de la sede de Madrid de la Fundaci\u00f3n Empieza por Educar. Tambi\u00e9n tiene experiencia como docente de Educaci\u00f3n Secundaria y Formaci\u00f3n Profesional, as\u00ed como docente en la Universidad Rey Juan Carlos en la asignatura de did\u00e1ctica del M\u00e1ster de Formaci\u00f3n del Profesorado.<\/p>\n<p><a href=\"https:\/\/www.eventbrite.es\/e\/entradas-educacion-y-desigualdad-socioeconomica-en-espana-125673907039?utm-medium=discovery&amp;utm-campaign=social&amp;utm-content=attendeeshare&amp;utm-source=wa&amp;utm-term=listing#\">Inscripcions<\/a><\/p>\n<\/div>\n","protected":false},"excerpt":{"rendered":"<p>Una educaci\u00f3n de calidad \u2026 \u00bfpara todos? La desigualdad en el \u00e1mbito educativo sigue siendo una de las tareas pendientes en Espa\u00f1a, a la vez que un factor determinante para futuras desigualdades socioecon\u00f3micas. Nos preguntaremos por las principales causas y&#8230;<\/p>\n","protected":false},"author":11,"featured_media":8837,"comment_status":"open","ping_status":"closed","template":"","tags":[125,124,126],"mec_category":[129],"class_list":["post-8793","mec-events","type-mec-events","status-publish","has-post-thumbnail","hentry","tag-desigualtat","tag-inclusiva","tag-socioeconomica","mec_category-inclusiva"],"post_mailing_queue_ids":[],"_links":{"self":[{"href":"https:\/\/www.afaprogres.cat\/web\/wp-json\/wp\/v2\/mec-events\/8793","targetHints":{"allow":["GET"]}}],"collection":[{"href":"https:\/\/www.afaprogres.cat\/web\/wp-json\/wp\/v2\/mec-events"}],"about":[{"href":"https:\/\/www.afaprogres.cat\/web\/wp-json\/wp\/v2\/types\/mec-events"}],"author":[{"embeddable":true,"href":"https:\/\/www.afaprogres.cat\/web\/wp-json\/wp\/v2\/users\/11"}],"replies":[{"embeddable":true,"href":"https:\/\/www.afaprogres.cat\/web\/wp-json\/wp\/v2\/comments?post=8793"}],"wp:featuredmedia":[{"embeddable":true,"href":"https:\/\/www.afaprogres.cat\/web\/wp-json\/wp\/v2\/media\/8837"}],"wp:attachment":[{"href":"https:\/\/www.afaprogres.cat\/web\/wp-json\/wp\/v2\/media?parent=8793"}],"wp:term":[{"taxonomy":"post_tag","embeddable":true,"href":"https:\/\/www.afaprogres.cat\/web\/wp-json\/wp\/v2\/tags?post=8793"},{"taxonomy":"mec_category","embeddable":true,"href":"https:\/\/www.afaprogres.cat\/web\/wp-json\/wp\/v2\/mec_category?post=8793"}],"curies":[{"name":"wp","href":"https:\/\/api.w.org\/{rel}","templated":true}]}}